{"id":7985,"date":"2023-11-28T10:40:54","date_gmt":"2023-11-28T09:40:54","guid":{"rendered":"https:\/\/jeuxdeladiversite.fr\/lyon\/?page_id=7985"},"modified":"2025-05-12T13:54:03","modified_gmt":"2025-05-12T11:54:03","slug":"faq","status":"publish","type":"page","link":"https:\/\/jeuxdeladiversite.fr\/lyon\/faq\/","title":{"rendered":"FAQ"},"content":{"rendered":"<div class=\"wpb-content-wrapper\"><p>[vc_row full_width=&#8221;stretch_row&#8221; css_animation=&#8221;fadeIn&#8221; el_id=&#8221;headerpage&#8221; css=&#8221;.vc_custom_1701174655669{background-image: url(https:\/\/jeuxdeladiversite.fr\/lyon\/wp-content\/uploads\/2023\/11\/Sans-titre.png?id=8056) !important;}&#8221;][vc_column][vc_column_text css_animation=&#8221;fadeIn&#8221; el_class=&#8221;txt-blanc&#8221;]<\/p>\n<h1>FAQ<\/h1>\n<p>[\/vc_column_text][\/vc_column][\/vc_row][vc_row][vc_column][vc_single_image image=&#8221;8499&#8243; img_size=&#8221;full&#8221; css=&#8221;&#8221;][vc_tta_accordion style=&#8221;flat&#8221; spacing=&#8221;5&#8243; gap=&#8221;5&#8243; c_position=&#8221;right&#8221; active_section=&#8221;&#8221; collapsible_all=&#8221;true&#8221; title=&#8221;INSCRIPTIONS&#8221;][vc_tta_section title=&#8221;Qui peut s&#8217;inscrire ?&#8221; tab_id=&#8221;1701174670104-41e9c8c5-1e58&#8243;][vc_column_text]<\/p>\n<ul>\n<li><strong>Les Courses 5km et 10km<\/strong> sont ouvertes \u00e0 tou.te.s. Une attestation Parcours Pr\u00e9vention Sante (<a href=\"https:\/\/pps.athle.fr\/\">Parcours de Pr\u00e9vention Sant\u00e9 | Parcours de Pr\u00e9vention Sant\u00e9<\/a>) ou un Certificat m\u00e9dical vous sera demand\u00e9 au moment de votre inscription.<\/li>\n<li><strong>Les Marches 2,5km et 5 km sont ouvertes \u00e0 tou.tes.<\/strong><\/li>\n<\/ul>\n<p>Si vous \u00eates mineur.e, une autorisation parentale vous sera demand\u00e9 au moment de votre inscription.<\/p>\n<ul>\n<li><strong>Le Challenge Collectif est r\u00e9serv\u00e9 aux entreprises partenaires. Si votre entreprise est partenaires, orientez-vous vers le\/la r\u00e9f\u00e9rent.e de votre structure pour r\u00e9cup\u00e9rer votre code partenaire pour finaliser l\u2019inscription.<\/strong><\/li>\n<\/ul>\n<p>[\/vc_column_text][\/vc_tta_section][vc_tta_section title=&#8221;Comment s&#8217;inscrire ?&#8221; tab_id=&#8221;1701174737523-e91df811-040d&#8221;][vc_column_text]Toutes les inscriptions se font sur\u00a0<strong>ici.<\/strong> Cela vous prendra 5 minutes. Une fois votre inscription termin\u00e9e, vous recevrez un mail confirmant votre inscription \u00e0 l\u2019\u00e9v\u00e9nement[\/vc_column_text][\/vc_tta_section][vc_tta_section title=&#8221;Quels sont les tarifs ?&#8221; tab_id=&#8221;1701174757679-a335c215-a22a&#8221;][vc_column_text]Voici les tarifs 2023 :<\/p>\n<table>\n<tbody>\n<tr>\n<td width=\"164\"><strong>PUBLIC<\/strong><\/td>\n<td width=\"77\"><strong>JOB DATING<\/strong><\/td>\n<td width=\"90\"><strong>VILLAGE RSE<\/strong><\/td>\n<td width=\"104\"><strong>MARCHE OU COURSE<\/strong><\/td>\n<td width=\"170\"><strong>CHALLENGE COLLECTIF<\/strong><\/td>\n<\/tr>\n<tr>\n<td width=\"164\">Demandeur.euse d\u2019emploi \/ Etudiant.e<\/td>\n<td width=\"77\">Gratuit<\/td>\n<td width=\"90\">Gratuit<\/td>\n<td width=\"104\">Gratuit<\/td>\n<td width=\"170\">\/<\/td>\n<\/tr>\n<tr>\n<td width=\"164\">Salari\u00e9.e du service public de l\u2019emploi \/ SIAE \/ entreprise adapt\u00e9e \/ association<\/td>\n<td width=\"77\">Gratuit<\/td>\n<td width=\"90\">Gratuit<\/td>\n<td width=\"104\">15\u20ac (GRATUIT avec le code partenaire)<\/td>\n<td width=\"170\">Accessible uniquement avec l\u2019offre partenaire (code partenaire adress\u00e9)<\/p>\n<p>&nbsp;<\/td>\n<\/tr>\n<tr>\n<td width=\"164\">Collaborateur.rice d&#8217;entreprise<\/td>\n<td width=\"77\">Gratuit<\/td>\n<td width=\"90\">Gratuit<\/td>\n<td width=\"104\">30\u20ac (GRATUIT avec le code partenaire)<\/td>\n<td width=\"170\">Accessible uniquement avec l\u2019offre partenaire (code partenaire adress\u00e9)<\/td>\n<\/tr>\n<tr>\n<td width=\"164\">Particulier.\u00e8re<\/td>\n<td width=\"77\">\/<\/td>\n<td width=\"90\">Gratuit<\/td>\n<td width=\"104\">30\u20ac<\/td>\n<td width=\"170\">\/<\/td>\n<\/tr>\n<\/tbody>\n<\/table>\n<p>[\/vc_column_text][\/vc_tta_section][vc_tta_section title=&#8221;Qu&#8217;inclut mon inscription ?&#8221; tab_id=&#8221;1701182063122-95d49e9c-bcd5&#8243;][vc_column_text]<strong>Votre inscription comprend :<\/strong><\/p>\n<ul>\n<li>L&#8217;acc\u00e8s au Job Dating de 9h30 \u00e0 12h30<\/li>\n<li>L\u2019acc\u00e8s au Village Dicouverte entre 10h et 12h30<\/li>\n<li>Un t-shirt<\/li>\n<li>La participation \u00e0 la course ou \u00e0 la marche<\/li>\n<li>Votre chrono<\/li>\n<li>Et selon votre performance, une m\u00e9daille\u2026<\/li>\n<\/ul>\n<p><strong>SI vous \u00eates un.e collaborateur.rice d\u2019une entreprise partenaire :<\/strong><\/p>\n<ul>\n<li>L\u2019acc\u00e8s au challenge collectif<\/li>\n<li>Une photo d\u2019\u00e9quipe<\/li>\n<\/ul>\n<p>[\/vc_column_text][\/vc_tta_section][vc_tta_section title=&#8221;Comment fonctionne le Challenge Collectif ?&#8221; tab_id=&#8221;1701182098767-47669e5a-cc59&#8243;][vc_column_text]Utilis\u00e9 par les associations accompagnant des femmes touch\u00e9es par le cancer du sein dans le cadre de leur r\u00e9\u00e9ducation, FACE Lyon M\u00e9tropole vous propose du Dragon Boat ! L\u2019activit\u00e9 rafra\u00eechissante pour f\u00e9d\u00e9rer vos collaborateur.rice.s autour d\u2019un sport nautique d\u2019\u00e9quipe adapt\u00e9 au niveau de chacun, alliant coh\u00e9sion et engagement pour la diversit\u00e9.<\/p>\n<p>En \u00e9quipe de 5 personnes, parmis vos coll\u00e8gues ou b\u00e9n\u00e9ficiaires de FACE, affrontez d\u2019autres teams engag\u00e9es !<\/p>\n<p><strong>Activit\u00e9 r\u00e9serv\u00e9e aux entreprises partenaires de l\u2019\u00e9v\u00e9nement<\/strong><\/p>\n<p>Vous pensez que votre entreprise peut \u00eatre int\u00e9ress\u00e9e ? Cliquez sur le bouton ci-dessous pour avoir toutes les informations\u00a0: <a href=\"https:\/\/jeuxdeladiversite.fr\/lyon\/wp-content\/uploads\/2025\/03\/Plaquette-Entreprise-VF-4.pdf\">lien plaquette entreprises.<\/a>[\/vc_column_text][\/vc_tta_section][\/vc_tta_accordion][vc_tta_accordion style=&#8221;flat&#8221; spacing=&#8221;5&#8243; gap=&#8221;5&#8243; c_position=&#8221;right&#8221; active_section=&#8221;&#8221; collapsible_all=&#8221;true&#8221; title=&#8221;CERTIFICAT M\u00c9DICAL \/ AUTORISATION PARENTALE \/ R\u00c8GLEMENT&#8221;][vc_tta_section title=&#8221;Le certificat m\u00e9dical est-il obligatoire ?&#8221; tab_id=&#8221;1701182125719-ee4dbd0d-c033&#8243;][vc_column_text]Une attestation Parcours Pr\u00e9vention Sant\u00e9 (PPS) ou un certificat m\u00e9dical est obligatoire pour concourir \u00e0 la Course du 5km ou 10 km !<\/p>\n<p>Obtenir une attestation PPS : <a href=\"https:\/\/pps.athle.fr\/\">Parcours de Pr\u00e9vention Sant\u00e9 | Parcours de Pr\u00e9vention Sant\u00e9<\/a><\/p>\n<p>Obtenir un Certificat m\u00e9dical : Le certificat m\u00e9dical est d\u00e9livr\u00e9 par votre m\u00e9decin. Sans certificat valide comportant la mention \u00ab non contre-indication \u00e0 la pratique de l\u2019athl\u00e9tisme en comp\u00e9tition \u00bb, \u00ab non contre-indication \u00e0 la pratique de la course \u00e0 pied en comp\u00e9tition \u00bb ou \u00ab non contre-indication \u00e0 la pratique du sport en comp\u00e9tition \u00bb dat\u00e9 de moins d&#8217;un an \u00e0 la date de la course, il vous sera impossible de courir !<\/p>\n<p>La copie du certificat m\u00e9dical est accept\u00e9e.[\/vc_column_text][\/vc_tta_section][vc_tta_section title=&#8221;O\u00f9 consulter le r\u00e8glement de la course ?&#8221; tab_id=&#8221;1701182125730-6b49a10a-2ec7&#8243;][vc_column_text]Vous pouvez consulter le r\u00e8glement des Jeux de la Diversit\u00e9 2025 en <a href=\"https:\/\/jeuxdeladiversite.fr\/lyon\/wp-content\/uploads\/2025\/03\/REGLEMENT-2025.pdf\">cliquant ici.<\/a><\/p>\n<h3>Est-ce possible de revendre mon dossard ou de transf\u00e9rer mon inscription \u00e0 l\u2019ann\u00e9e prochaine ?<\/h3>\n<p>Le transfert, le report ou la revente de dossards ne sont pas autoris\u00e9s compte tenu du r\u00e8glement de l\u2019\u00e9preuve, \u00ab Tout engagement est personnel, ferme et d\u00e9finitif, et ne peut faire l&#8217;objet de remboursement pour quelque motif que ce soit \u00bb. En outre \u00ab Aucun transfert d&#8217;inscription n&#8217;est autoris\u00e9 pour quelque motif que ce soit \u00bb.[\/vc_column_text][\/vc_tta_section][\/vc_tta_accordion][vc_tta_accordion style=&#8221;flat&#8221; spacing=&#8221;5&#8243; gap=&#8221;5&#8243; c_position=&#8221;right&#8221; active_section=&#8221;&#8221; collapsible_all=&#8221;true&#8221; title=&#8221;DOSSARDS&#8221;][vc_tta_section title=&#8221;O\u00f9, quand et comment r\u00e9cup\u00e9rer mon dossard ?&#8221; tab_id=&#8221;1701182271479-05893cc1-edd0&#8243;][vc_column_text]<\/p>\n<ul>\n<li>O\u00f9 ? Au rez-de-chauss\u00e9e de l\u2019Embarcad\u00e8re<\/li>\n<li>Quand ? Le vendredi 13 juin 2025 (11h30-13h45)<\/li>\n<li>Si vous faites parti d\u2019une entreprise, tous les dossards de votre \u00e9quipe vous seront confi\u00e9s dans un seul lot.<\/li>\n<\/ul>\n<p><strong>Attention : Aucune inscription se sera effectu\u00e9e le vendredi , jour de l\u2019\u00e9v\u00e9nement !<\/strong><\/p>\n<p>Le dossard doit \u00eatre accroch\u00e9 sur la poitrine durant toute l\u2019\u00e9preuve (\u00e0 l\u2019aide d\u2019\u00e9pingles que nous vous fournissons). Il ne doit pas \u00eatre masqu\u00e9 ou modifi\u00e9. Toute personne ne portant pas de dossard sera \u00e9cart\u00e9e de l\u2019\u00e9preuve.[\/vc_column_text][\/vc_tta_section][\/vc_tta_accordion][vc_tta_accordion style=&#8221;flat&#8221; spacing=&#8221;5&#8243; gap=&#8221;5&#8243; c_position=&#8221;right&#8221; active_section=&#8221;&#8221; collapsible_all=&#8221;true&#8221; title=&#8221;D\u00c9PART \/ ARRIV\u00c9E \/ SAS&#8221;][vc_tta_section title=&#8221;Quels sont les horaires de d\u00e9part ?&#8221; tab_id=&#8221;1701182320390-0ea9fc2d-fa05&#8243;][vc_column_text]<\/p>\n<ul>\n<li>Pour la Course et la Marche :\u00a0<strong>14h au niveau de l\u2019arche gonflable<\/strong><\/li>\n<li>Pour le Challenge Collectif (Dragon Boat)\u00a0: sur le quai Rambaud \u00e0 l\u2019arri\u00e8re de l\u2019Embarcad\u00e8re.<\/li>\n<\/ul>\n<p>[\/vc_column_text][\/vc_tta_section][\/vc_tta_accordion][vc_tta_accordion style=&#8221;flat&#8221; spacing=&#8221;5&#8243; gap=&#8221;5&#8243; c_position=&#8221;right&#8221; active_section=&#8221;&#8221; collapsible_all=&#8221;true&#8221; title=&#8221;APR\u00c8S LA COURSE&#8221;][vc_tta_section title=&#8221;Quand et o\u00f9 puis-je consulter mes r\u00e9sultats ?&#8221; tab_id=&#8221;1701182344707-fba32c49-404c&#8221;][vc_column_text]La Marche n\u2019\u00e9tant pas chronom\u00e9tr\u00e9e, vous n\u2019aurez pas de r\u00e9sultats &#8220;chiffr\u00e9s&#8221;. L\u2019important, c\u2019est de participer \u00e0 cette marche plac\u00e9e sous le signe de la solidarit\u00e9 ![\/vc_column_text][\/vc_tta_section][vc_tta_section title=&#8221;O\u00f9 puis-je r\u00e9cup\u00e9rer ma m\u00e9daille ?&#8221; tab_id=&#8221;1701182377371-3c3cfa48-8a78&#8243;][vc_column_text]Une m\u00e9daille est remise au premier homme \/ premi\u00e8re femme \/ personne non binaire de chaque performance (Marche 2,5km et 5km, Course 5km et 10km) qui vous sera remise au moment de la remise des troph\u00e9es (16h).[\/vc_column_text][\/vc_tta_section][vc_tta_section title=&#8221;O\u00f9 puis-je trouver mes photos apr\u00e8s la course ?&#8221; tab_id=&#8221;1701182408123-b66e3e2f-31c6&#8243;][vc_column_text]Vous pourrez retrouver l\u2019album photos de l\u2019\u00e9v\u00e9nement <a href=\"https:\/\/photos.app.goo.gl\/t3CSwhJqJzYGnibd7\">ici<\/a>.[\/vc_column_text][\/vc_tta_section][\/vc_tta_accordion][vc_tta_accordion style=&#8221;flat&#8221; spacing=&#8221;5&#8243; gap=&#8221;5&#8243; c_position=&#8221;right&#8221; active_section=&#8221;&#8221; collapsible_all=&#8221;true&#8221; title=&#8221;B\u00c9N\u00c9VOLES&#8221;][vc_tta_section title=&#8221;Comment puis-je \u00eatre b\u00e9n\u00e9vole sur la course ?&#8221; tab_id=&#8221;1701182453902-92452e88-0bda&#8221;][vc_column_text]Rejoignez notre \u00e9quipe de b\u00e9n\u00e9voles en envoyant un mail \u00e0 l\u2019adresse <a href=\"mailto:face.grandlyon@fondationface.org\">face.grandlyon@fondationface.org<\/a><\/p>\n<p>Ou contacte-nous au 04 72 10 06 90.[\/vc_column_text][\/vc_tta_section][\/vc_tta_accordion][\/vc_column][\/vc_row]<\/p>\n<\/div>","protected":false},"excerpt":{"rendered":"<p>[vc_row full_width=&#8221;stretch_row&#8221; css_animation=&#8221;fadeIn&#8221; el_id=&#8221;headerpage&#8221; css=&#8221;.vc_custom_1701174655669{background-image: url(https:\/\/jeuxdeladiversite.fr\/lyon\/wp-content\/uploads\/2023\/11\/Sans-titre.png?id=8056) !important;}&#8221;][vc_column][vc_column_text css_animation=&#8221;fadeIn&#8221; el_class=&#8221;txt-blanc&#8221;] FAQ [\/vc_column_text][\/vc_column][\/vc_row][vc_row][vc_column][vc_single_image image=&#8221;8499&#8243; img_size=&#8221;full&#8221; css=&#8221;&#8221;][vc_tta_accordion style=&#8221;flat&#8221; spacing=&#8221;5&#8243; gap=&#8221;5&#8243; c_position=&#8221;right&#8221; active_section=&#8221;&#8221; collapsible_all=&#8221;true&#8221; title=&#8221;INSCRIPTIONS&#8221;][vc_tta_section title=&#8221;Qui peut s&#8217;inscrire ?&#8221; tab_id=&#8221;1701174670104-41e9c8c5-1e58&#8243;][vc_column_text] Les Courses 5km et 10km sont ouvertes \u00e0 tou.te.s. Une attestation Parcours Pr\u00e9vention Sante (Parcours de Pr\u00e9vention Sant\u00e9 | Parcours de Pr\u00e9vention Sant\u00e9) ou un Certificat m\u00e9dical vous sera [&hellip;]<\/p>\n","protected":false},"author":1,"featured_media":0,"parent":0,"menu_order":0,"comment_status":"closed","ping_status":"closed","template":"","meta":{"footnotes":""},"class_list":["post-7985","page","type-page","status-publish","hentry"],"yoast_head":"<!-- This site is optimized with the Yoast SEO Premium plugin v24.8 (Yoast SEO v24.9) - https:\/\/yoast.com\/wordpress\/plugins\/seo\/ -->\n<title>FAQ - Jeux de la Diversit\u00e9 - Face Lyon M\u00e9tropole<\/title>\n<meta name=\"robots\" content=\"index, follow, max-snippet:-1, max-image-preview:large, max-video-preview:-1\" \/>\n<link rel=\"canonical\" href=\"https:\/\/jeuxdeladiversite.fr\/lyon\/faq\/\" \/>\n<meta property=\"og:locale\" content=\"fr_FR\" \/>\n<meta property=\"og:type\" content=\"article\" \/>\n<meta property=\"og:title\" content=\"FAQ\" \/>\n<meta property=\"og:description\" content=\"[vc_row full_width=&#8221;stretch_row&#8221; css_animation=&#8221;fadeIn&#8221; el_id=&#8221;headerpage&#8221; css=&#8221;.vc_custom_1701174655669{background-image: url(https:\/\/jeuxdeladiversite.fr\/lyon\/wp-content\/uploads\/2023\/11\/Sans-titre.png?id=8056) !important;}&#8221;][vc_column][vc_column_text css_animation=&#8221;fadeIn&#8221; el_class=&#8221;txt-blanc&#8221;] FAQ [\/vc_column_text][\/vc_column][\/vc_row][vc_row][vc_column][vc_single_image image=&#8221;8499&#8243; img_size=&#8221;full&#8221; css=&#8221;&#8221;][vc_tta_accordion style=&#8221;flat&#8221; spacing=&#8221;5&#8243; gap=&#8221;5&#8243; c_position=&#8221;right&#8221; active_section=&#8221;&#8221; collapsible_all=&#8221;true&#8221; title=&#8221;INSCRIPTIONS&#8221;][vc_tta_section title=&#8221;Qui peut s&#8217;inscrire ?&#8221; tab_id=&#8221;1701174670104-41e9c8c5-1e58&#8243;][vc_column_text] Les Courses 5km et 10km sont ouvertes \u00e0 tou.te.s. Une attestation Parcours Pr\u00e9vention Sante (Parcours de Pr\u00e9vention Sant\u00e9 | Parcours de Pr\u00e9vention Sant\u00e9) ou un Certificat m\u00e9dical vous sera [&hellip;]\" \/>\n<meta property=\"og:url\" content=\"https:\/\/jeuxdeladiversite.fr\/lyon\/faq\/\" \/>\n<meta property=\"og:site_name\" content=\"Jeux de la Diversit\u00e9 - Face Lyon M\u00e9tropole\" \/>\n<meta property=\"article:publisher\" content=\"https:\/\/www.facebook.com\/FondationFACE\/\" \/>\n<meta property=\"article:modified_time\" content=\"2025-05-12T11:54:03+00:00\" \/>\n<meta name=\"twitter:card\" content=\"summary_large_image\" \/>\n<meta name=\"twitter:site\" content=\"@FACE_Grand_Lyon\" \/>\n<meta name=\"twitter:label1\" content=\"Dur\u00e9e de lecture estim\u00e9e\" \/>\n\t<meta name=\"twitter:data1\" content=\"5 minutes\" \/>\n<script type=\"application\/ld+json\" class=\"yoast-schema-graph\">{\"@context\":\"https:\/\/schema.org\",\"@graph\":[{\"@type\":\"WebPage\",\"@id\":\"https:\/\/jeuxdeladiversite.fr\/lyon\/faq\/\",\"url\":\"https:\/\/jeuxdeladiversite.fr\/lyon\/faq\/\",\"name\":\"FAQ - Jeux de la Diversit\u00e9 - Face Lyon M\u00e9tropole\",\"isPartOf\":{\"@id\":\"https:\/\/jeuxdeladiversite.fr\/lyon\/#website\"},\"datePublished\":\"2023-11-28T09:40:54+00:00\",\"dateModified\":\"2025-05-12T11:54:03+00:00\",\"breadcrumb\":{\"@id\":\"https:\/\/jeuxdeladiversite.fr\/lyon\/faq\/#breadcrumb\"},\"inLanguage\":\"fr-FR\",\"potentialAction\":[{\"@type\":\"ReadAction\",\"target\":[\"https:\/\/jeuxdeladiversite.fr\/lyon\/faq\/\"]}]},{\"@type\":\"BreadcrumbList\",\"@id\":\"https:\/\/jeuxdeladiversite.fr\/lyon\/faq\/#breadcrumb\",\"itemListElement\":[{\"@type\":\"ListItem\",\"position\":1,\"name\":\"Accueil\",\"item\":\"https:\/\/jeuxdeladiversite.fr\/lyon\/\"},{\"@type\":\"ListItem\",\"position\":2,\"name\":\"FAQ\"}]},{\"@type\":\"WebSite\",\"@id\":\"https:\/\/jeuxdeladiversite.fr\/lyon\/#website\",\"url\":\"https:\/\/jeuxdeladiversite.fr\/lyon\/\",\"name\":\"Jeux de la Diversit\u00e9 - Face Lyon M\u00e9tropole\",\"description\":\"\",\"publisher\":{\"@id\":\"https:\/\/jeuxdeladiversite.fr\/lyon\/#organization\"},\"potentialAction\":[{\"@type\":\"SearchAction\",\"target\":{\"@type\":\"EntryPoint\",\"urlTemplate\":\"https:\/\/jeuxdeladiversite.fr\/lyon\/?s={search_term_string}\"},\"query-input\":{\"@type\":\"PropertyValueSpecification\",\"valueRequired\":true,\"valueName\":\"search_term_string\"}}],\"inLanguage\":\"fr-FR\"},{\"@type\":\"Organization\",\"@id\":\"https:\/\/jeuxdeladiversite.fr\/lyon\/#organization\",\"name\":\"Jeux de la Diversit\u00e9 - Face Lyon M\u00e9tropole\",\"url\":\"https:\/\/jeuxdeladiversite.fr\/lyon\/\",\"logo\":{\"@type\":\"ImageObject\",\"inLanguage\":\"fr-FR\",\"@id\":\"https:\/\/jeuxdeladiversite.fr\/lyon\/#\/schema\/logo\/image\/\",\"url\":\"https:\/\/face-grandlyon.com\/wp-content\/uploads\/2023\/06\/logo-face-grand-lyon.png\",\"contentUrl\":\"https:\/\/face-grandlyon.com\/wp-content\/uploads\/2023\/06\/logo-face-grand-lyon.png\",\"width\":374,\"height\":124,\"caption\":\"Jeux de la Diversit\u00e9 - Face Lyon M\u00e9tropole\"},\"image\":{\"@id\":\"https:\/\/jeuxdeladiversite.fr\/lyon\/#\/schema\/logo\/image\/\"},\"sameAs\":[\"https:\/\/www.facebook.com\/FondationFACE\/\",\"https:\/\/x.com\/FACE_Grand_Lyon\",\"https:\/\/www.linkedin.com\/company\/face-grandlyon\/\"]}]}<\/script>\n<!-- \/ Yoast SEO Premium plugin. -->","yoast_head_json":{"title":"FAQ - Jeux de la Diversit\u00e9 - Face Lyon M\u00e9tropole","robots":{"index":"index","follow":"follow","max-snippet":"max-snippet:-1","max-image-preview":"max-image-preview:large","max-video-preview":"max-video-preview:-1"},"canonical":"https:\/\/jeuxdeladiversite.fr\/lyon\/faq\/","og_locale":"fr_FR","og_type":"article","og_title":"FAQ","og_description":"[vc_row full_width=&#8221;stretch_row&#8221; css_animation=&#8221;fadeIn&#8221; el_id=&#8221;headerpage&#8221; css=&#8221;.vc_custom_1701174655669{background-image: url(https:\/\/jeuxdeladiversite.fr\/lyon\/wp-content\/uploads\/2023\/11\/Sans-titre.png?id=8056) !important;}&#8221;][vc_column][vc_column_text css_animation=&#8221;fadeIn&#8221; el_class=&#8221;txt-blanc&#8221;] FAQ [\/vc_column_text][\/vc_column][\/vc_row][vc_row][vc_column][vc_single_image image=&#8221;8499&#8243; img_size=&#8221;full&#8221; css=&#8221;&#8221;][vc_tta_accordion style=&#8221;flat&#8221; spacing=&#8221;5&#8243; gap=&#8221;5&#8243; c_position=&#8221;right&#8221; active_section=&#8221;&#8221; collapsible_all=&#8221;true&#8221; title=&#8221;INSCRIPTIONS&#8221;][vc_tta_section title=&#8221;Qui peut s&#8217;inscrire ?&#8221; tab_id=&#8221;1701174670104-41e9c8c5-1e58&#8243;][vc_column_text] Les Courses 5km et 10km sont ouvertes \u00e0 tou.te.s. Une attestation Parcours Pr\u00e9vention Sante (Parcours de Pr\u00e9vention Sant\u00e9 | Parcours de Pr\u00e9vention Sant\u00e9) ou un Certificat m\u00e9dical vous sera [&hellip;]","og_url":"https:\/\/jeuxdeladiversite.fr\/lyon\/faq\/","og_site_name":"Jeux de la Diversit\u00e9 - Face Lyon M\u00e9tropole","article_publisher":"https:\/\/www.facebook.com\/FondationFACE\/","article_modified_time":"2025-05-12T11:54:03+00:00","twitter_card":"summary_large_image","twitter_site":"@FACE_Grand_Lyon","twitter_misc":{"Dur\u00e9e de lecture estim\u00e9e":"5 minutes"},"schema":{"@context":"https:\/\/schema.org","@graph":[{"@type":"WebPage","@id":"https:\/\/jeuxdeladiversite.fr\/lyon\/faq\/","url":"https:\/\/jeuxdeladiversite.fr\/lyon\/faq\/","name":"FAQ - Jeux de la Diversit\u00e9 - Face Lyon M\u00e9tropole","isPartOf":{"@id":"https:\/\/jeuxdeladiversite.fr\/lyon\/#website"},"datePublished":"2023-11-28T09:40:54+00:00","dateModified":"2025-05-12T11:54:03+00:00","breadcrumb":{"@id":"https:\/\/jeuxdeladiversite.fr\/lyon\/faq\/#breadcrumb"},"inLanguage":"fr-FR","potentialAction":[{"@type":"ReadAction","target":["https:\/\/jeuxdeladiversite.fr\/lyon\/faq\/"]}]},{"@type":"BreadcrumbList","@id":"https:\/\/jeuxdeladiversite.fr\/lyon\/faq\/#breadcrumb","itemListElement":[{"@type":"ListItem","position":1,"name":"Accueil","item":"https:\/\/jeuxdeladiversite.fr\/lyon\/"},{"@type":"ListItem","position":2,"name":"FAQ"}]},{"@type":"WebSite","@id":"https:\/\/jeuxdeladiversite.fr\/lyon\/#website","url":"https:\/\/jeuxdeladiversite.fr\/lyon\/","name":"Jeux de la Diversit\u00e9 - Face Lyon M\u00e9tropole","description":"","publisher":{"@id":"https:\/\/jeuxdeladiversite.fr\/lyon\/#organization"},"potentialAction":[{"@type":"SearchAction","target":{"@type":"EntryPoint","urlTemplate":"https:\/\/jeuxdeladiversite.fr\/lyon\/?s={search_term_string}"},"query-input":{"@type":"PropertyValueSpecification","valueRequired":true,"valueName":"search_term_string"}}],"inLanguage":"fr-FR"},{"@type":"Organization","@id":"https:\/\/jeuxdeladiversite.fr\/lyon\/#organization","name":"Jeux de la Diversit\u00e9 - Face Lyon M\u00e9tropole","url":"https:\/\/jeuxdeladiversite.fr\/lyon\/","logo":{"@type":"ImageObject","inLanguage":"fr-FR","@id":"https:\/\/jeuxdeladiversite.fr\/lyon\/#\/schema\/logo\/image\/","url":"https:\/\/face-grandlyon.com\/wp-content\/uploads\/2023\/06\/logo-face-grand-lyon.png","contentUrl":"https:\/\/face-grandlyon.com\/wp-content\/uploads\/2023\/06\/logo-face-grand-lyon.png","width":374,"height":124,"caption":"Jeux de la Diversit\u00e9 - Face Lyon M\u00e9tropole"},"image":{"@id":"https:\/\/jeuxdeladiversite.fr\/lyon\/#\/schema\/logo\/image\/"},"sameAs":["https:\/\/www.facebook.com\/FondationFACE\/","https:\/\/x.com\/FACE_Grand_Lyon","https:\/\/www.linkedin.com\/company\/face-grandlyon\/"]}]}},"_links":{"self":[{"href":"https:\/\/jeuxdeladiversite.fr\/lyon\/wp-json\/wp\/v2\/pages\/7985","targetHints":{"allow":["GET"]}}],"collection":[{"href":"https:\/\/jeuxdeladiversite.fr\/lyon\/wp-json\/wp\/v2\/pages"}],"about":[{"href":"https:\/\/jeuxdeladiversite.fr\/lyon\/wp-json\/wp\/v2\/types\/page"}],"author":[{"embeddable":true,"href":"https:\/\/jeuxdeladiversite.fr\/lyon\/wp-json\/wp\/v2\/users\/1"}],"replies":[{"embeddable":true,"href":"https:\/\/jeuxdeladiversite.fr\/lyon\/wp-json\/wp\/v2\/comments?post=7985"}],"version-history":[{"count":9,"href":"https:\/\/jeuxdeladiversite.fr\/lyon\/wp-json\/wp\/v2\/pages\/7985\/revisions"}],"predecessor-version":[{"id":8504,"href":"https:\/\/jeuxdeladiversite.fr\/lyon\/wp-json\/wp\/v2\/pages\/7985\/revisions\/8504"}],"wp:attachment":[{"href":"https:\/\/jeuxdeladiversite.fr\/lyon\/wp-json\/wp\/v2\/media?parent=7985"}],"curies":[{"name":"wp","href":"https:\/\/api.w.org\/{rel}","templated":true}]}}